{"id":929,"date":"2023-10-24T10:59:39","date_gmt":"2023-10-24T10:59:39","guid":{"rendered":"https:\/\/www.mikabatta.es\/interni-sensoriali\/"},"modified":"2023-12-11T11:58:12","modified_gmt":"2023-12-11T11:58:12","slug":"interni-sensoriali","status":"publish","type":"page","link":"https:\/\/www.mikabatta.es\/it\/interni-sensoriali\/","title":{"rendered":"Interni sensoriali"},"content":{"rendered":"\t\t<div data-elementor-type=\"wp-page\" data-elementor-id=\"929\" class=\"elementor elementor-929 elementor-239\" data-elementor-post-type=\"page\">\n\t\t\t\t\t\t<section class=\"elementor-section elementor-top-section elementor-element elementor-element-7309e24b elementor-section-boxed elementor-section-height-default elementor-section-height-default\" data-id=\"7309e24b\" data-element_type=\"section\" data-e-type=\"section\" data-settings=\"{&quot;background_background&quot;:&quot;video&quot;,&quot;background_motion_fx_scale_effect&quot;:&quot;yes&quot;,&quot;background_motion_fx_scale_speed&quot;:{&quot;unit&quot;:&quot;px&quot;,&quot;size&quot;:7,&quot;sizes&quot;:[]},&quot;background_video_link&quot;:&quot;https:\\\/\\\/www.mikabatta.es\\\/wp-content\\\/uploads\\\/2023\\\/11\\\/corteza.mov&quot;,&quot;background_play_on_mobile&quot;:&quot;yes&quot;,&quot;background_motion_fx_scale_direction&quot;:&quot;out-in&quot;,&quot;background_motion_fx_scale_range&quot;:{&quot;unit&quot;:&quot;%&quot;,&quot;size&quot;:&quot;&quot;,&quot;sizes&quot;:{&quot;start&quot;:20,&quot;end&quot;:80}},&quot;background_motion_fx_devices&quot;:[&quot;desktop&quot;,&quot;tablet&quot;,&quot;mobile&quot;]}\">\n\t\t\t\t\t\t\t\t<div class=\"elementor-background-video-container\">\n\t\t\t\t\t\t\t\t\t\t\t\t\t<video class=\"elementor-background-video-hosted\" role=\"presentation\" autoplay muted playsinline loop><\/video>\n\t\t\t\t\t\t\t\t\t\t\t<\/div>\n\t\t\t\t\t\t\t\t\t<div class=\"elementor-background-overlay\"><\/div>\n\t\t\t\t\t\t\t<div class=\"elementor-container elementor-column-gap-default\">\n\t\t\t\t\t<div class=\"elementor-column elementor-col-100 elementor-top-column elementor-element elementor-element-42ca4606 elementor-invisible\" data-id=\"42ca4606\" data-element_type=\"column\" data-e-type=\"column\" data-settings=\"{&quot;animation&quot;:&quot;zoomIn&quot;}\">\n\t\t\t<div class=\"elementor-widget-wrap elementor-element-populated\">\n\t\t\t\t\t\t<div class=\"elementor-element elementor-element-70c36560 elementor-widget elementor-widget-heading\" data-id=\"70c36560\" data-element_type=\"widget\" data-e-type=\"widget\" data-widget_type=\"heading.default\">\n\t\t\t\t<div class=\"elementor-widget-container\">\n\t\t\t\t\t<h1 class=\"elementor-heading-title elementor-size-default\">Interni sensoriali<\/h1>\t\t\t\t<\/div>\n\t\t\t\t<\/div>\n\t\t\t\t<div class=\"elementor-element elementor-element-d39c7d3 elementor-widget__width-inherit elementor-widget elementor-widget-text-editor\" data-id=\"d39c7d3\" data-element_type=\"widget\" data-e-type=\"widget\" data-widget_type=\"text-editor.default\">\n\t\t\t\t<div class=\"elementor-widget-container\">\n\t\t\t\t\t\t\t\t\t<p>Interni sensoriali per qualsiasi immobile: azienda, ufficio o casa. Nuova costruzione, ristrutturazione e rinnovo di spazi. Rivolto ad aziende e privati, che vogliono migliorare la propria qualit\u00e0 di vita e di lavoro con l&#8217;obiettivo del piacere funzionale.<\/p>\n\t\t\t\t\t\t\t\t<\/div>\n\t\t\t\t<\/div>\n\t\t\t\t\t<\/div>\n\t\t<\/div>\n\t\t\t\t\t<\/div>\n\t\t<\/section>\n\t\t\t\t<section class=\"elementor-section elementor-top-section elementor-element elementor-element-729510ef elementor-section-content-middle elementor-section-boxed elementor-section-height-default elementor-section-height-default\" data-id=\"729510ef\" data-element_type=\"section\" data-e-type=\"section\">\n\t\t\t\t\t\t<div class=\"elementor-container elementor-column-gap-default\">\n\t\t\t\t\t<div class=\"elementor-column elementor-col-50 elementor-top-column elementor-element elementor-element-3fc21fd1 elementor-invisible\" data-id=\"3fc21fd1\" data-element_type=\"column\" data-e-type=\"column\" data-settings=\"{&quot;animation&quot;:&quot;fadeInLeft&quot;}\">\n\t\t\t<div class=\"elementor-widget-wrap elementor-element-populated\">\n\t\t\t\t\t\t<div class=\"elementor-element elementor-element-54517035 elementor-widget elementor-widget-heading\" data-id=\"54517035\" data-element_type=\"widget\" data-e-type=\"widget\" data-widget_type=\"heading.default\">\n\t\t\t\t<div class=\"elementor-widget-container\">\n\t\t\t\t\t<h6 class=\"elementor-heading-title elementor-size-default\">Un'esperienza per tutti i sensi<\/h6>\t\t\t\t<\/div>\n\t\t\t\t<\/div>\n\t\t\t\t<div class=\"elementor-element elementor-element-218309aa elementor-widget elementor-widget-heading\" data-id=\"218309aa\" data-element_type=\"widget\" data-e-type=\"widget\" data-widget_type=\"heading.default\">\n\t\t\t\t<div class=\"elementor-widget-container\">\n\t\t\t\t\t<h2 class=\"elementor-heading-title elementor-size-default\">Mika Batta Interiores Sensoriales \u00e8 PI\u00d9 CHE DESIGN, \u00c8 UN' ESPERIENZA PER I VOSTRI SENSI.<\/h2>\t\t\t\t<\/div>\n\t\t\t\t<\/div>\n\t\t\t\t\t<\/div>\n\t\t<\/div>\n\t\t\t\t<div class=\"elementor-column elementor-col-50 elementor-top-column elementor-element elementor-element-727cbc20 elementor-invisible\" data-id=\"727cbc20\" data-element_type=\"column\" data-e-type=\"column\" data-settings=\"{&quot;animation&quot;:&quot;fadeInRight&quot;}\">\n\t\t\t<div class=\"elementor-widget-wrap elementor-element-populated\">\n\t\t\t\t\t\t<div class=\"elementor-element elementor-element-7e3d60b5 elementor-widget elementor-widget-text-editor\" data-id=\"7e3d60b5\" data-element_type=\"widget\" data-e-type=\"widget\" data-widget_type=\"text-editor.default\">\n\t\t\t\t<div class=\"elementor-widget-container\">\n\t\t\t\t\t\t\t\t\t<p><span class=\"TextRun SCXP237374190 BCX0\" lang=\"ES-ES\" xml:lang=\"ES-ES\" data-scheme-color=\"@7B2178,,\" data-usefontface=\"true\" data-contrast=\"none\"><span class=\"NormalTextRun SCXP237374190 BCX0\">La base dell&#8217;interior design \u00e8 progettare gli spazi in modo che si possano sviluppare in modo naturale e confortevole, essendo fondamentale influenzare la progettazione degli spazi, <\/span><\/span><span class=\"TextRun SCXP237374190 BCX0\" lang=\"ES-ES\" xml:lang=\"ES-ES\" data-scheme-color=\"@7B2178,,\" data-usefontface=\"true\" data-contrast=\"none\"><span class=\"NormalTextRun SCXP237374190 BCX0\">sull&#8217;umore, sul benessere emotivo e sulla salute. Questo favorisce il vostro comfort, la vostra funzionalit\u00e0, la vostra sicurezza e la vostra produttivit\u00e0.<\/span><\/span><span class=\"EOP SCXP237374190 BCX0\">\u200b<\/span><\/p>\n\t\t\t\t\t\t\t\t<\/div>\n\t\t\t\t<\/div>\n\t\t\t\t<div class=\"elementor-element elementor-element-7708cd2c elementor-widget elementor-widget-button\" data-id=\"7708cd2c\" data-element_type=\"widget\" data-e-type=\"widget\" data-widget_type=\"button.default\">\n\t\t\t\t<div class=\"elementor-widget-container\">\n\t\t\t\t\t\t\t\t\t<div class=\"elementor-button-wrapper\">\n\t\t\t\t\t<a class=\"elementor-button elementor-button-link elementor-size-md\" href=\"#masinfo\">\n\t\t\t\t\t\t<span class=\"elementor-button-content-wrapper\">\n\t\t\t\t\t\t\t\t\t<span class=\"elementor-button-text\">Per saperne di pi\u00f9<\/span>\n\t\t\t\t\t<\/span>\n\t\t\t\t\t<\/a>\n\t\t\t\t<\/div>\n\t\t\t\t\t\t\t\t<\/div>\n\t\t\t\t<\/div>\n\t\t\t\t\t<\/div>\n\t\t<\/div>\n\t\t\t\t\t<\/div>\n\t\t<\/section>\n\t\t\t\t<section class=\"elementor-section elementor-top-section elementor-element elementor-element-432899dd elementor-section-boxed elementor-section-height-default elementor-section-height-default\" data-id=\"432899dd\" data-element_type=\"section\" data-e-type=\"section\" id=\"masinfo\" data-settings=\"{&quot;background_background&quot;:&quot;classic&quot;}\">\n\t\t\t\t\t\t\t<div class=\"elementor-background-overlay\"><\/div>\n\t\t\t\t\t\t\t<div class=\"elementor-container elementor-column-gap-default\">\n\t\t\t\t\t<div class=\"elementor-column elementor-col-100 elementor-top-column elementor-element elementor-element-5b777c06\" data-id=\"5b777c06\" data-element_type=\"column\" data-e-type=\"column\">\n\t\t\t<div class=\"elementor-widget-wrap elementor-element-populated\">\n\t\t\t\t\t\t<section class=\"elementor-section elementor-inner-section elementor-element elementor-element-3d42943c elementor-section-boxed elementor-section-height-default elementor-section-height-default elementor-invisible\" data-id=\"3d42943c\" data-element_type=\"section\" data-e-type=\"section\" data-settings=\"{&quot;background_background&quot;:&quot;classic&quot;,&quot;animation&quot;:&quot;zoomIn&quot;}\">\n\t\t\t\t\t\t<div class=\"elementor-container elementor-column-gap-default\">\n\t\t\t\t\t<div class=\"elementor-column elementor-col-50 elementor-inner-column elementor-element elementor-element-6420ca81\" data-id=\"6420ca81\" data-element_type=\"column\" data-e-type=\"column\" data-settings=\"{&quot;background_background&quot;:&quot;classic&quot;}\">\n\t\t\t<div class=\"elementor-widget-wrap elementor-element-populated\">\n\t\t\t\t\t\t<div class=\"elementor-element elementor-element-d804eae elementor-widget elementor-widget-spacer\" data-id=\"d804eae\" data-element_type=\"widget\" data-e-type=\"widget\" data-widget_type=\"spacer.default\">\n\t\t\t\t<div class=\"elementor-widget-container\">\n\t\t\t\t\t\t\t<div class=\"elementor-spacer\">\n\t\t\t<div class=\"elementor-spacer-inner\"><\/div>\n\t\t<\/div>\n\t\t\t\t\t\t<\/div>\n\t\t\t\t<\/div>\n\t\t\t\t\t<\/div>\n\t\t<\/div>\n\t\t\t\t<div class=\"elementor-column elementor-col-50 elementor-inner-column elementor-element elementor-element-3cbc18b7\" data-id=\"3cbc18b7\" data-element_type=\"column\" data-e-type=\"column\">\n\t\t\t<div class=\"elementor-widget-wrap elementor-element-populated\">\n\t\t\t\t\t\t<div class=\"elementor-element elementor-element-701a763c elementor-widget elementor-widget-heading\" data-id=\"701a763c\" data-element_type=\"widget\" data-e-type=\"widget\" data-widget_type=\"heading.default\">\n\t\t\t\t<div class=\"elementor-widget-container\">\n\t\t\t\t\t<h5 class=\"elementor-heading-title elementor-size-default\">Vista<\/h5>\t\t\t\t<\/div>\n\t\t\t\t<\/div>\n\t\t\t\t<div class=\"elementor-element elementor-element-71372cb9 elementor-widget elementor-widget-text-editor\" data-id=\"71372cb9\" data-element_type=\"widget\" data-e-type=\"widget\" data-widget_type=\"text-editor.default\">\n\t\t\t\t<div class=\"elementor-widget-container\">\n\t\t\t\t\t\t\t\t\t<p>Mika Batta Interiores Sensoriales approfondisce due aspetti essenziali della VISIONE: l&#8217;illuminazione e il colore, lavorando entrambi in un&#8217;ottica di piacere funzionale.<\/p>\n<p>L&#8217;illuminazione permette di delimitare gli spazi, di crearne di nuovi, di trasmettere sensazioni e persino di valorizzare alcune aree, a patto di giocare con essa in modo appropriato e consapevole. Una buona illuminazione impedisce di affaticare eccessivamente la vista, il che potrebbe causare, oltre alla perdita della vista, altri problemi come stanchezza, mal di testa, affaticamento degli occhi o stress. La luce diurna ha un impatto sulle prestazioni e sulla salute delle persone ed \u00e8 associata ai seguenti benefici: controllo dell&#8217;orologio biologico, riduzione della fatica, cura delle malattie. Lo studio illuminotecnico \u00e8 realizzato in collaborazione con professionisti specializzati nel settore.<\/p>\n<p>Il colore \u00e8 in grado di stimolare o deprimere, i colori favoriscono le sensazioni termiche di freddo o di calore, e possiamo anche avere impressioni di ordine o di disordine. Gli esseri umani rispondono all&#8217;influenza del colore spaziale sia psicologicamente che fisiologicamente. Il colore \u00e8 una percezione che ha effetti e significati che possono essere simbolici, associativi, emotivi, estetici, biologici, culturali. La psicologia del colore \u00e8 una disciplina che studia come il cervello umano percepisce i colori e come questi influenzano le nostre emozioni e il nostro comportamento.<\/p>\n<p>Con vetrate colorate, pav\u00e9, tende e tendaggi creiamo ambienti caldi e attraenti per il corpo e la mente.<\/p>\n\t\t\t\t\t\t\t\t<\/div>\n\t\t\t\t<\/div>\n\t\t\t\t\t<\/div>\n\t\t<\/div>\n\t\t\t\t\t<\/div>\n\t\t<\/section>\n\t\t\t\t<section class=\"elementor-section elementor-inner-section elementor-element elementor-element-c48fcfe elementor-reverse-tablet elementor-reverse-mobile elementor-section-boxed elementor-section-height-default elementor-section-height-default elementor-invisible\" data-id=\"c48fcfe\" data-element_type=\"section\" data-e-type=\"section\" data-settings=\"{&quot;background_background&quot;:&quot;classic&quot;,&quot;animation&quot;:&quot;zoomIn&quot;}\">\n\t\t\t\t\t\t<div class=\"elementor-container elementor-column-gap-default\">\n\t\t\t\t\t<div class=\"elementor-column elementor-col-50 elementor-inner-column elementor-element elementor-element-bbaf6f5\" data-id=\"bbaf6f5\" data-element_type=\"column\" data-e-type=\"column\">\n\t\t\t<div class=\"elementor-widget-wrap elementor-element-populated\">\n\t\t\t\t\t\t<div class=\"elementor-element elementor-element-b229d59 elementor-widget elementor-widget-heading\" data-id=\"b229d59\" data-element_type=\"widget\" data-e-type=\"widget\" data-widget_type=\"heading.default\">\n\t\t\t\t<div class=\"elementor-widget-container\">\n\t\t\t\t\t<h5 class=\"elementor-heading-title elementor-size-default\">Udito<\/h5>\t\t\t\t<\/div>\n\t\t\t\t<\/div>\n\t\t\t\t<div class=\"elementor-element elementor-element-9acfc72 elementor-widget elementor-widget-text-editor\" data-id=\"9acfc72\" data-element_type=\"widget\" data-e-type=\"widget\" data-widget_type=\"text-editor.default\">\n\t\t\t\t<div class=\"elementor-widget-container\">\n\t\t\t\t\t\t\t\t\t<p>Udito, l&#8217;unico senso che non dorme mai, \u00e8 l&#8217;organo sensoriale che contiene il senso dell&#8217;udito, della posizione e della rotazione. L&#8217;orecchio reagisce sette volte pi\u00f9 velocemente dell&#8217;occhio e riesce a distinguere meglio dell&#8217;olfatto. Grazie a questo senso possiamo comunicare con le persone che amiamo, goderci il cinema, il teatro o la radio e ascoltare i suoni della natura. Sentire bene \u00e8 importante anche per mantenere il cervello sveglio e attivo, il che aumenta la qualit\u00e0 della vita e il benessere.<\/p>\n<p>Mika Batta Interiores Sensoriales studia l&#8217;isolamento acustico dell&#8217;edificio per progettare il comfort acustico dello spazio con materiali assorbenti e riflettenti, con risonatori e diffusori se necessario, controllando il riverbero. \u00c8 disponibile un&#8217;ampia gamma di pannelli acustici decorativi per il vostro comfort.<\/p>\n<p>Per ottimizzare il sonno \u00e8 possibile incorporare nello spazio anche rumori di colore diverso, solitamente chiamati rumori bianchi.<\/p>\n<p>Successivamente allo studio con una prospettiva occidentale abbiamo potuto armonizzare lo spazio con strumenti sonori e vibrazionali come i carillon a fiato che provengono da una cultura orientale, pi\u00f9 antica e pi\u00f9 legata alla natura e al flusso delle energie.<\/p>\n\t\t\t\t\t\t\t\t<\/div>\n\t\t\t\t<\/div>\n\t\t\t\t<div class=\"elementor-element elementor-element-b622b54 elementor-widget elementor-widget-text-editor\" data-id=\"b622b54\" data-element_type=\"widget\" data-e-type=\"widget\" data-widget_type=\"text-editor.default\">\n\t\t\t\t<div class=\"elementor-widget-container\">\n\t\t\t\t\t\t\t\t\t<div class=\"wp-playlist wp-audio-playlist wp-playlist-light\">\n\t\t\t<div class=\"wp-playlist-current-item\"><\/div>\n\t\t<audio controls=\"controls\" preload=\"none\" width=\"778\"\n\t\t\t><\/audio>\n\t<div class=\"wp-playlist-next\"><\/div>\n\t<div class=\"wp-playlist-prev\"><\/div>\n\t<noscript>\n\t<ol>\n\t\t<li><a href='https:\/\/www.mikabatta.es\/wp-content\/uploads\/2023\/10\/light-rain-ambient-114354.mp3'>Pioggia<\/a><\/li><li><a href='https:\/\/www.mikabatta.es\/wp-content\/uploads\/2023\/10\/ocean-waves-white-noise1-13752.mp3'>Mare<\/a><\/li><li><a href='https:\/\/www.mikabatta.es\/wp-content\/uploads\/2023\/10\/Rainforest.mp3'>Campane del paradiso<\/a><\/li><li><a href='https:\/\/www.mikabatta.es\/wp-content\/uploads\/2023\/10\/zenergy-chime-trio.mp3'>Energia Zen<\/a><\/li>\t<\/ol>\n\t<\/noscript>\n\t<script type=\"application\/json\" class=\"wp-playlist-script\">{\"type\":\"audio\",\"tracklist\":true,\"tracknumbers\":true,\"images\":true,\"artists\":true,\"tracks\":[{\"src\":\"https:\/\/www.mikabatta.es\/wp-content\/uploads\/2023\/10\/light-rain-ambient-114354.mp3\",\"type\":\"audio\/mpeg\",\"title\":\"Pioggia\",\"caption\":\"\",\"description\":\"\\u00ablight-rain-ambient-114354\\u00bb.\",\"meta\":{\"length_formatted\":\"9:00\"},\"image\":{\"src\":\"https:\/\/www.mikabatta.es\/wp-includes\/images\/media\/audio.svg\",\"width\":48,\"height\":64},\"thumb\":{\"src\":\"https:\/\/www.mikabatta.es\/wp-includes\/images\/media\/audio.svg\",\"width\":48,\"height\":64}},{\"src\":\"https:\/\/www.mikabatta.es\/wp-content\/uploads\/2023\/10\/ocean-waves-white-noise1-13752.mp3\",\"type\":\"audio\/mpeg\",\"title\":\"Mare\",\"caption\":\"\",\"description\":\"\\u00abocean-waves-white-noise1-13752\\u00bb.\",\"meta\":{\"length_formatted\":\"1:03\"},\"image\":{\"src\":\"https:\/\/www.mikabatta.es\/wp-includes\/images\/media\/audio.svg\",\"width\":48,\"height\":64},\"thumb\":{\"src\":\"https:\/\/www.mikabatta.es\/wp-includes\/images\/media\/audio.svg\",\"width\":48,\"height\":64}},{\"src\":\"https:\/\/www.mikabatta.es\/wp-content\/uploads\/2023\/10\/Rainforest.mp3\",\"type\":\"audio\/mpeg\",\"title\":\"Campane del paradiso\",\"caption\":\"\",\"description\":\"\\u00abBPLRG - Bells of Paradise - Large, Green\\u00bb. Lanzamiento: 2014. Pista 1.\",\"meta\":{\"year\":\"2014\",\"length_formatted\":\"0:15\"},\"image\":{\"src\":\"https:\/\/www.mikabatta.es\/wp-includes\/images\/media\/audio.svg\",\"width\":48,\"height\":64},\"thumb\":{\"src\":\"https:\/\/www.mikabatta.es\/wp-includes\/images\/media\/audio.svg\",\"width\":48,\"height\":64}},{\"src\":\"https:\/\/www.mikabatta.es\/wp-content\/uploads\/2023\/10\/zenergy-chime-trio.mp3\",\"type\":\"audio\/mpeg\",\"title\":\"Energia Zen\",\"caption\":\"\",\"description\":\"\\u00abzenergy trio\\u00bb. Lanzamiento: 2002. G\\u00e9nero: Industrial.\",\"meta\":{\"genre\":\"Industrial\",\"year\":\"2002\",\"length_formatted\":\"0:24\"},\"image\":{\"src\":\"https:\/\/www.mikabatta.es\/wp-includes\/images\/media\/audio.svg\",\"width\":48,\"height\":64},\"thumb\":{\"src\":\"https:\/\/www.mikabatta.es\/wp-includes\/images\/media\/audio.svg\",\"width\":48,\"height\":64}}]}<\/script>\n<\/div>\n\t\n\t\t\t\t\t\t\t\t<\/div>\n\t\t\t\t<\/div>\n\t\t\t\t\t<\/div>\n\t\t<\/div>\n\t\t\t\t<div class=\"elementor-column elementor-col-50 elementor-inner-column elementor-element elementor-element-c64cf7d\" data-id=\"c64cf7d\" data-element_type=\"column\" data-e-type=\"column\" data-settings=\"{&quot;background_background&quot;:&quot;classic&quot;}\">\n\t\t\t<div class=\"elementor-widget-wrap elementor-element-populated\">\n\t\t\t\t\t\t<div class=\"elementor-element elementor-element-d4c8d44 elementor-widget elementor-widget-spacer\" data-id=\"d4c8d44\" data-element_type=\"widget\" data-e-type=\"widget\" data-widget_type=\"spacer.default\">\n\t\t\t\t<div class=\"elementor-widget-container\">\n\t\t\t\t\t\t\t<div class=\"elementor-spacer\">\n\t\t\t<div class=\"elementor-spacer-inner\"><\/div>\n\t\t<\/div>\n\t\t\t\t\t\t<\/div>\n\t\t\t\t<\/div>\n\t\t\t\t\t<\/div>\n\t\t<\/div>\n\t\t\t\t\t<\/div>\n\t\t<\/section>\n\t\t\t\t<section class=\"elementor-section elementor-inner-section elementor-element elementor-element-748dc72 elementor-section-boxed elementor-section-height-default elementor-section-height-default elementor-invisible\" data-id=\"748dc72\" data-element_type=\"section\" data-e-type=\"section\" data-settings=\"{&quot;background_background&quot;:&quot;classic&quot;,&quot;animation&quot;:&quot;zoomIn&quot;}\">\n\t\t\t\t\t\t<div class=\"elementor-container elementor-column-gap-default\">\n\t\t\t\t\t<div class=\"elementor-column elementor-col-50 elementor-inner-column elementor-element elementor-element-282f768\" data-id=\"282f768\" data-element_type=\"column\" data-e-type=\"column\" data-settings=\"{&quot;background_background&quot;:&quot;classic&quot;}\">\n\t\t\t<div class=\"elementor-widget-wrap elementor-element-populated\">\n\t\t\t\t\t\t<div class=\"elementor-element elementor-element-0d98258 elementor-widget elementor-widget-spacer\" data-id=\"0d98258\" data-element_type=\"widget\" data-e-type=\"widget\" data-widget_type=\"spacer.default\">\n\t\t\t\t<div class=\"elementor-widget-container\">\n\t\t\t\t\t\t\t<div class=\"elementor-spacer\">\n\t\t\t<div class=\"elementor-spacer-inner\"><\/div>\n\t\t<\/div>\n\t\t\t\t\t\t<\/div>\n\t\t\t\t<\/div>\n\t\t\t\t\t<\/div>\n\t\t<\/div>\n\t\t\t\t<div class=\"elementor-column elementor-col-50 elementor-inner-column elementor-element elementor-element-9c642f4\" data-id=\"9c642f4\" data-element_type=\"column\" data-e-type=\"column\">\n\t\t\t<div class=\"elementor-widget-wrap elementor-element-populated\">\n\t\t\t\t\t\t<div class=\"elementor-element elementor-element-1d31432 elementor-widget elementor-widget-heading\" data-id=\"1d31432\" data-element_type=\"widget\" data-e-type=\"widget\" data-widget_type=\"heading.default\">\n\t\t\t\t<div class=\"elementor-widget-container\">\n\t\t\t\t\t<h5 class=\"elementor-heading-title elementor-size-default\">Olfatto<\/h5>\t\t\t\t<\/div>\n\t\t\t\t<\/div>\n\t\t\t\t<div class=\"elementor-element elementor-element-fe1f9af elementor-widget elementor-widget-text-editor\" data-id=\"fe1f9af\" data-element_type=\"widget\" data-e-type=\"widget\" data-widget_type=\"text-editor.default\">\n\t\t\t\t<div class=\"elementor-widget-container\">\n\t\t\t\t\t\t\t\t\t<p data-ccp-props=\"{\"335551550\":6,\"335551620\":6,\"335559683\":0,\"335559685\":0,\"335559731\":0,\"335559737\":0,\"335562764\":2,\"335562765\":1,\"335562766\":4,\"335562767\":10,\"335562768\":4,\"335562769\":0}\"><span data-scheme-color=\"@7B2178,,\" data-usefontface=\"true\" data-contrast=\"none\">Olf<\/span><span data-scheme-color=\"@0432FF,,\" data-usefontface=\"true\" data-contrast=\"none\">atto<\/span><span data-scheme-color=\"@7B2178,,\" data-usefontface=\"true\" data-contrast=\"none\"> \u00e8 il senso pi\u00f9 sensibile, che ci avverte del pericolo prima della vista e dell&#8217;udito, intrinsecamente legato all&#8217;istinto di <\/span> <span data-scheme-color=\"@7B2178,,\" data-usefontface=\"true\" data-contrast=\"none\">sopravvivenza. Gli odori ci collegano a momenti del nostro passato e ci riportano alla mente sensazioni ed emozioni. Quando nasciamo, ci\u00f2 che  <\/span><span data-scheme-color=\"@7B2178,,\" data-usefontface=\"true\" data-contrast=\"none\">la prima cosa che facciamo \u00e8 seguire la scia del latte materno e quindi siamo in grado di rilassarci semplicemente sentendo l&#8217;odore della nostra madre.<\/span><\/p>\n<p data-ccp-props=\"{\"335551550\":6,\"335551620\":6,\"335559683\":0,\"335559685\":0,\"335559731\":0,\"335559737\":0,\"335562764\":2,\"335562765\":1,\"335562766\":4,\"335562767\":10,\"335562768\":4,\"335562769\":0}\"> <span data-scheme-color=\"@7B2178,,\" data-usefontface=\"true\" data-contrast=\"none\"> Spesso non gli diamo importanza e lo apprezziamo solo quando lo perdiamo, come quando abbiamo il naso chiuso: allora il cibo non ha alcun sapore e quando lo recuperiamo, ritroviamo l&#8217;appetito e ci sentiamo pi\u00f9 positivi ed energici. <\/span><span data-scheme-color=\"@7B2178,,\" data-usefontface=\"true\" data-contrast=\"none\">Quando lo riprendiamo, recuperiamo l&#8217;appetito e ci sentiamo pi\u00f9 positivi ed energici.<\/span><\/p>\n<p data-ccp-props=\"{\"335551550\":6,\"335551620\":6,\"335559683\":0,\"335559685\":0,\"335559731\":0,\"335559737\":0,\"335562764\":2,\"335562765\":1,\"335562766\":4,\"335562767\":10,\"335562768\":4,\"335562769\":0}\"><span data-scheme-color=\"@7B2178,,\" data-usefontface=\"true\" data-contrast=\"none\">Gli aromi possono migliorare la salute e la qualit\u00e0 del lavoro e il loro uso a fini terapeutici e di benessere emotivo \u00e8 una pratica in crescita <\/span><span data-scheme-color=\"@7B2178,,\" data-usefontface=\"true\" data-contrast=\"none\">. Il gelsomino \u00e8 uno dei miei preferiti per il suo effetto rilassante e antidepressivo, che genera fiducia, ottimismo ed energia, cos\u00ec come la cannella, che \u00e8 un antidepressivo molto efficace, <\/span><span data-scheme-color=\"@7B2178,,\" data-usefontface=\"true\" data-contrast=\"none\">negli ambienti di lavoro combatte l&#8217;affaticamento mentale migliorando la concentrazione e l&#8217;attenzione e fornendo energia<\/span>.<\/p>\n<p data-ccp-props=\"{\"335551550\":6,\"335551620\":6,\"335559683\":0,\"335559685\":0,\"335559731\":0,\"335559737\":0,\"335562764\":2,\"335562765\":1,\"335562766\":4,\"335562767\":10,\"335562768\":4,\"335562769\":0}\"><span data-scheme-color=\"@7B2178,,\" data-usefontface=\"true\" data-contrast=\"none\">Su <\/span><span data-scheme-color=\"@0432FF,,\" data-usefontface=\"true\" data-contrast=\"none\"><strong>Mika Batta Interiores Sensoriales<\/strong><\/span><span data-scheme-color=\"@7B2178,,\" data-usefontface=\"true\" data-contrast=\"none\">iniziamo la progettazione olfattiva con lo studio della qualit\u00e0 dell&#8217;aria: umidit\u00e0, diossidi e monossidi per stabilire la qualit\u00e0 dell&#8217;aria. <\/span> <span data-scheme-color=\"@7B2178,,\" data-usefontface=\"true\" data-contrast=\"none\">fondamenta sane. La qualit\u00e0 dell&#8217;aria \u00e8 un fattore decisivo da tenere in considerazione, l&#8217;umidit\u00e0 ottimale impedisce l&#8217;insorgere di virus e funghi e l&#8217;aria libera da  <\/span><span data-scheme-color=\"@7B2178,,\" data-usefontface=\"true\" data-contrast=\"none\">diossidi e monossidi previene problemi respiratori, allergie, infezioni cutanee, infarti e ictus. Su questa base, <\/span><span data-scheme-color=\"@7B2178,,\" data-usefontface=\"true\" data-contrast=\"none\">procederemo insieme a professionisti specializzati in marketing olfattivo per configurare il progetto.<\/span><\/p>\n<p data-ccp-props=\"{\"335551550\":6,\"335551620\":6,\"335559683\":0,\"335559685\":0,\"335559731\":0,\"335559737\":0,\"335562764\":2,\"335562765\":1,\"335562766\":4,\"335562767\":10,\"335562768\":4,\"335562769\":0}\">Abbiamo anche giardini verticali con piante stabilizzate, piacevoli alla vista e all&#8217;olfatto.<\/p>\n\t\t\t\t\t\t\t\t<\/div>\n\t\t\t\t<\/div>\n\t\t\t\t\t<\/div>\n\t\t<\/div>\n\t\t\t\t\t<\/div>\n\t\t<\/section>\n\t\t\t\t<section class=\"elementor-section elementor-inner-section elementor-element elementor-element-f49bf71 elementor-reverse-tablet elementor-reverse-mobile elementor-section-boxed elementor-section-height-default elementor-section-height-default elementor-invisible\" data-id=\"f49bf71\" data-element_type=\"section\" data-e-type=\"section\" data-settings=\"{&quot;background_background&quot;:&quot;classic&quot;,&quot;animation&quot;:&quot;zoomIn&quot;}\">\n\t\t\t\t\t\t<div class=\"elementor-container elementor-column-gap-default\">\n\t\t\t\t\t<div class=\"elementor-column elementor-col-50 elementor-inner-column elementor-element elementor-element-caafb68\" data-id=\"caafb68\" data-element_type=\"column\" data-e-type=\"column\">\n\t\t\t<div class=\"elementor-widget-wrap elementor-element-populated\">\n\t\t\t\t\t\t<div class=\"elementor-element elementor-element-49a0cee elementor-widget elementor-widget-heading\" data-id=\"49a0cee\" data-element_type=\"widget\" data-e-type=\"widget\" data-widget_type=\"heading.default\">\n\t\t\t\t<div class=\"elementor-widget-container\">\n\t\t\t\t\t<h5 class=\"elementor-heading-title elementor-size-default\">Tatto<\/h5>\t\t\t\t<\/div>\n\t\t\t\t<\/div>\n\t\t\t\t<div class=\"elementor-element elementor-element-c2a8308 elementor-widget elementor-widget-text-editor\" data-id=\"c2a8308\" data-element_type=\"widget\" data-e-type=\"widget\" data-widget_type=\"text-editor.default\">\n\t\t\t\t<div class=\"elementor-widget-container\">\n\t\t\t\t\t\t\t\t\t<p>Il TATTO \u00e8 il senso con l&#8217;organo sensoriale pi\u00f9 grande, la pelle, \u00e8 un senso passivo e costante, la cui influenza \u00e8 difficile da isolare dal resto dei sensi. Percepiamo costantemente l&#8217;ambiente attraverso il tatto, anche se non ce ne accorgiamo, e siamo quindi costantemente attenti a qualsiasi aggressione fisica, chimica o termica che possiamo subire: un sistema di allarme che segnala il pericolo.<\/p>\n<p>Il tatto \u00e8 un senso molto importante per il nostro rapporto con il mondo circostante e con la natura: camminare a piedi nudi, toccare la corteccia di un albero o sentire il vento sulla pelle. In questo modo si attivano i recettori tattili del cervello, migliorando il benessere emotivo. Uno spazio con una diversit\u00e0 di texture nei rivestimenti murali, diverse forme di mobili, materiali con varie temperature attiver\u00e0 questi recettori tattili porcellana, legno, pitture strutturate, carte da parati con rilievi e tessuti vellutati.<\/p>\n\t\t\t\t\t\t\t\t<\/div>\n\t\t\t\t<\/div>\n\t\t\t\t\t<\/div>\n\t\t<\/div>\n\t\t\t\t<div class=\"elementor-column elementor-col-50 elementor-inner-column elementor-element elementor-element-eff192c\" data-id=\"eff192c\" data-element_type=\"column\" data-e-type=\"column\" data-settings=\"{&quot;background_background&quot;:&quot;classic&quot;}\">\n\t\t\t<div class=\"elementor-widget-wrap elementor-element-populated\">\n\t\t\t\t\t\t<div class=\"elementor-element elementor-element-c1a7ee3 elementor-widget elementor-widget-spacer\" data-id=\"c1a7ee3\" data-element_type=\"widget\" data-e-type=\"widget\" data-widget_type=\"spacer.default\">\n\t\t\t\t<div class=\"elementor-widget-container\">\n\t\t\t\t\t\t\t<div class=\"elementor-spacer\">\n\t\t\t<div class=\"elementor-spacer-inner\"><\/div>\n\t\t<\/div>\n\t\t\t\t\t\t<\/div>\n\t\t\t\t<\/div>\n\t\t\t\t\t<\/div>\n\t\t<\/div>\n\t\t\t\t\t<\/div>\n\t\t<\/section>\n\t\t\t\t<section class=\"elementor-section elementor-inner-section elementor-element elementor-element-35fa8bb elementor-section-boxed elementor-section-height-default elementor-section-height-default elementor-invisible\" data-id=\"35fa8bb\" data-element_type=\"section\" data-e-type=\"section\" data-settings=\"{&quot;background_background&quot;:&quot;classic&quot;,&quot;animation&quot;:&quot;zoomIn&quot;}\">\n\t\t\t\t\t\t<div class=\"elementor-container elementor-column-gap-default\">\n\t\t\t\t\t<div class=\"elementor-column elementor-col-50 elementor-inner-column elementor-element elementor-element-eb69d49\" data-id=\"eb69d49\" data-element_type=\"column\" data-e-type=\"column\" data-settings=\"{&quot;background_background&quot;:&quot;classic&quot;}\">\n\t\t\t<div class=\"elementor-widget-wrap elementor-element-populated\">\n\t\t\t\t\t\t<div class=\"elementor-element elementor-element-96c2253 elementor-widget elementor-widget-spacer\" data-id=\"96c2253\" data-element_type=\"widget\" data-e-type=\"widget\" data-widget_type=\"spacer.default\">\n\t\t\t\t<div class=\"elementor-widget-container\">\n\t\t\t\t\t\t\t<div class=\"elementor-spacer\">\n\t\t\t<div class=\"elementor-spacer-inner\"><\/div>\n\t\t<\/div>\n\t\t\t\t\t\t<\/div>\n\t\t\t\t<\/div>\n\t\t\t\t\t<\/div>\n\t\t<\/div>\n\t\t\t\t<div class=\"elementor-column elementor-col-50 elementor-inner-column elementor-element elementor-element-7cf1c9a\" data-id=\"7cf1c9a\" data-element_type=\"column\" data-e-type=\"column\">\n\t\t\t<div class=\"elementor-widget-wrap elementor-element-populated\">\n\t\t\t\t\t\t<div class=\"elementor-element elementor-element-5a5e2ec elementor-widget elementor-widget-heading\" data-id=\"5a5e2ec\" data-element_type=\"widget\" data-e-type=\"widget\" data-widget_type=\"heading.default\">\n\t\t\t\t<div class=\"elementor-widget-container\">\n\t\t\t\t\t<h5 class=\"elementor-heading-title elementor-size-default\">Il gusto<\/h5>\t\t\t\t<\/div>\n\t\t\t\t<\/div>\n\t\t\t\t<div class=\"elementor-element elementor-element-764208a elementor-widget elementor-widget-text-editor\" data-id=\"764208a\" data-element_type=\"widget\" data-e-type=\"widget\" data-widget_type=\"text-editor.default\">\n\t\t\t\t<div class=\"elementor-widget-container\">\n\t\t\t\t\t\t\t\t\t<p data-ccp-props=\"{\"335551550\":6,\"335551620\":6,\"335559683\":0,\"335559685\":0,\"335559731\":0,\"335559737\":0,\"335562764\":2,\"335562765\":1,\"335562766\":4,\"335562767\":10,\"335562768\":4,\"335562769\":0}\"><span data-scheme-color=\"@7B2178,,\" data-usefontface=\"true\" data-contrast=\"none\">Il <\/span><span data-scheme-color=\"@0432FF,,\" data-usefontface=\"true\" data-contrast=\"none\">GUSTO<\/span><span data-scheme-color=\"@3980D1,,\" data-usefontface=\"true\" data-contrast=\"none\"> <\/span><span data-scheme-color=\"@7B2178,,\" data-usefontface=\"true\" data-contrast=\"none\">\u00e8 il senso che ci permette di identificare i sapori; il suo organo principale \u00e8 la lingua. \u00c8 importante distinguere il sapore con <\/span><span data-scheme-color=\"@7B2178,,\" data-usefontface=\"true\" data-contrast=\"none\">il gusto, che secondo il R.A.E. del 2001, il sapore \u00e8 la sensazione che alcuni corpi producono nell&#8217;organo del gusto. Questi corpi possono chiamati <\/span><span data-scheme-color=\"@7B2178,,\" data-usefontface=\"true\" data-contrast=\"none\">canali sensoriali sono: gusto, olfatto e somatosensazione. Il senso del gusto non \u00e8 coinvolto solo nell&#8217;elaborazione degli alimenti, ma anche nel  <\/span><span data-scheme-color=\"@7B2178,,\" data-usefontface=\"true\" data-contrast=\"none\">Oltre alle informazioni sul gusto, percepisce anche la temperatura e la consistenza del cibo. <\/span><\/p>\n<p data-ccp-props=\"{\"335551550\":6,\"335551620\":6,\"335559683\":0,\"335559685\":0,\"335559731\":0,\"335559737\":0,\"335562764\":2,\"335562765\":1,\"335562766\":4,\"335562767\":10,\"335562768\":4,\"335562769\":0}\"><span data-scheme-color=\"@7B2178,,\" data-usefontface=\"true\" data-contrast=\"none\">Allo stesso tempo, vista, olfatto e gusto si combinano per dare origine alla percezione del gusto. Le curiosit\u00e0 a questo proposito sono che un gran numero di  <\/span><span data-scheme-color=\"@7B2178,,\" data-usefontface=\"true\" data-contrast=\"none\">persone che si recano dal medico perch\u00e9 pensano di aver perso il senso del gusto sono sorprese di scoprire che hanno perso il senso <\/span><span data-scheme-color=\"@7B2178,,\" data-usefontface=\"true\" data-contrast=\"none\">l\u2019olfatto. L&#8217;olfatto e il gusto sono le prime cose che scompaiono quando ci si trova a 10.000 metri di altitudine, a causa dell&#8217;umidit\u00e0.  <\/span><span data-scheme-color=\"@7B2178,,\" data-usefontface=\"true\" data-contrast=\"none\">mancanza di umidit\u00e0, bassa pressione e rumore di fondo. Teoricamente, a seconda dell&#8217;utensile che consumiamo, il sapore del cibo cambia, se mangiamo il  <\/span><span data-scheme-color=\"@7B2178,,\" data-usefontface=\"true\" data-contrast=\"none\">yogurt con un cucchiaio di plastica, si sente pi\u00f9 denso; se lo yogurt \u00e8 bianco e si mangia con un cucchiaio bianco, si sente pi\u00f9 dolce.<\/span><\/p>\n<p data-ccp-props=\"{\"335551550\":6,\"335551620\":6,\"335559683\":0,\"335559685\":0,\"335559731\":0,\"335559737\":0,\"335562764\":2,\"335562765\":1,\"335562766\":4,\"335562767\":10,\"335562768\":4,\"335562769\":0}\">Un ambiente con illuminazione, umidit\u00e0 e temperatura ottimali, con utensili e stoviglie attraenti ed ergonomiche, pone le basi per raggiungere il massimo.<\/p>\n\t\t\t\t\t\t\t\t<\/div>\n\t\t\t\t<\/div>\n\t\t\t\t\t<\/div>\n\t\t<\/div>\n\t\t\t\t\t<\/div>\n\t\t<\/section>\n\t\t\t\t\t<\/div>\n\t\t<\/div>\n\t\t\t\t\t<\/div>\n\t\t<\/section>\n\t\t\t\t<section class=\"elementor-section elementor-top-section elementor-element elementor-element-73da4a37 elementor-section-boxed elementor-section-height-default elementor-section-height-default\" data-id=\"73da4a37\" data-element_type=\"section\" data-e-type=\"section\" data-settings=\"{&quot;background_background&quot;:&quot;classic&quot;}\">\n\t\t\t\t\t\t\t<div class=\"elementor-background-overlay\"><\/div>\n\t\t\t\t\t\t\t<div class=\"elementor-container elementor-column-gap-default\">\n\t\t\t\t\t<div class=\"elementor-column elementor-col-100 elementor-top-column elementor-element elementor-element-1d076ec5 elementor-invisible\" data-id=\"1d076ec5\" data-element_type=\"column\" data-e-type=\"column\" data-settings=\"{&quot;animation&quot;:&quot;bounceInRight&quot;}\">\n\t\t\t<div class=\"elementor-widget-wrap elementor-element-populated\">\n\t\t\t\t\t\t<div class=\"elementor-element elementor-element-117cfc8f elementor-widget elementor-widget-heading\" data-id=\"117cfc8f\" data-element_type=\"widget\" data-e-type=\"widget\" data-widget_type=\"heading.default\">\n\t\t\t\t<div class=\"elementor-widget-container\">\n\t\t\t\t\t<h6 class=\"elementor-heading-title elementor-size-default\">Contatto<\/h6>\t\t\t\t<\/div>\n\t\t\t\t<\/div>\n\t\t\t\t<div class=\"elementor-element elementor-element-26582b92 elementor-widget elementor-widget-heading\" data-id=\"26582b92\" data-element_type=\"widget\" data-e-type=\"widget\" data-widget_type=\"heading.default\">\n\t\t\t\t<div class=\"elementor-widget-container\">\n\t\t\t\t\t<h2 class=\"elementor-heading-title elementor-size-default\">Siete interessati ad assumere i miei servizi?<\/h2>\t\t\t\t<\/div>\n\t\t\t\t<\/div>\n\t\t\t\t<div class=\"elementor-element elementor-element-3bacaa73 elementor-widget elementor-widget-text-editor\" data-id=\"3bacaa73\" data-element_type=\"widget\" data-e-type=\"widget\" data-widget_type=\"text-editor.default\">\n\t\t\t\t<div class=\"elementor-widget-container\">\n\t\t\t\t\t\t\t\t\t<p>Se siete interessati a sapere cosa pu\u00f2 fare per voi l&#8217;interior design sensoriale, contattateci senza impegno.<\/p>\n\t\t\t\t\t\t\t\t<\/div>\n\t\t\t\t<\/div>\n\t\t\t\t<div class=\"elementor-element elementor-element-45474f37 elementor-align-center elementor-widget elementor-widget-button\" data-id=\"45474f37\" data-element_type=\"widget\" data-e-type=\"widget\" data-widget_type=\"button.default\">\n\t\t\t\t<div class=\"elementor-widget-container\">\n\t\t\t\t\t\t\t\t\t<div class=\"elementor-button-wrapper\">\n\t\t\t\t\t<a class=\"elementor-button elementor-button-link elementor-size-md\" href=\"https:\/\/www.mikabatta.es\/it\/contatto\/\">\n\t\t\t\t\t\t<span class=\"elementor-button-content-wrapper\">\n\t\t\t\t\t\t\t\t\t<span class=\"elementor-button-text\">Contatto<\/span>\n\t\t\t\t\t<\/span>\n\t\t\t\t\t<\/a>\n\t\t\t\t<\/div>\n\t\t\t\t\t\t\t\t<\/div>\n\t\t\t\t<\/div>\n\t\t\t\t\t<\/div>\n\t\t<\/div>\n\t\t\t\t\t<\/div>\n\t\t<\/section>\n\t\t\t\t<\/div>\n\t\t","protected":false},"excerpt":{"rendered":"<p>Interni sensoriali per qualsiasi immobile: azienda, ufficio o casa. Nuova costruzione, ristrutturazione e rinnovo di spazi. Rivolto ad aziende e privati, che vogliono migliorare la propria qualit\u00e0 di vita e di lavoro con l&#8217;obiettivo del piacere funzionale. Un&#8217;esperienza per tutti i sensi Mika Batta Interiores Sensoriales \u00e8 PI\u00d9 CHE DESIGN, \u00c8 UN&#8217; ESPERIENZA PER I [&hellip;]<\/p>\n","protected":false},"author":1,"featured_media":0,"parent":0,"menu_order":0,"comment_status":"closed","ping_status":"closed","template":"elementor_header_footer","meta":{"inline_featured_image":false,"footnotes":""},"class_list":["post-929","page","type-page","status-publish","hentry"],"yoast_head":"<!-- This site is optimized with the Yoast SEO plugin v27.5 - https:\/\/yoast.com\/product\/yoast-seo-wordpress\/ -->\n<title>Interni sensoriali a Tenerife<\/title>\n<meta name=\"description\" content=\"Interni sensoriali a Tenerife. Sono Mika Batta e offro il servizio di Interni sensoriali a Tenerife. Preventivo senza impegno.\" \/>\n<meta name=\"robots\" content=\"index, follow, max-snippet:-1, max-image-preview:large, max-video-preview:-1\" \/>\n<link rel=\"canonical\" href=\"https:\/\/www.mikabatta.es\/it\/interni-sensoriali\/\" \/>\n<meta property=\"og:locale\" content=\"it_IT\" \/>\n<meta property=\"og:type\" content=\"article\" \/>\n<meta property=\"og:title\" content=\"Interni sensoriali a Tenerife\" \/>\n<meta property=\"og:description\" content=\"Interni sensoriali a Tenerife. Sono Mika Batta e offro il servizio di Interni sensoriali a Tenerife. Preventivo senza impegno.\" \/>\n<meta property=\"og:url\" content=\"https:\/\/www.mikabatta.es\/it\/interni-sensoriali\/\" \/>\n<meta property=\"og:site_name\" content=\"Interiorismo Sensorial\" \/>\n<meta property=\"article:modified_time\" content=\"2023-12-11T11:58:12+00:00\" \/>\n<meta name=\"twitter:card\" content=\"summary_large_image\" \/>\n<meta name=\"twitter:label1\" content=\"Tempo di lettura stimato\" \/>\n\t<meta name=\"twitter:data1\" content=\"6 minuti\" \/>\n<script type=\"application\/ld+json\" class=\"yoast-schema-graph\">{\"@context\":\"https:\\\/\\\/schema.org\",\"@graph\":[{\"@type\":\"WebPage\",\"@id\":\"https:\\\/\\\/www.mikabatta.es\\\/it\\\/interni-sensoriali\\\/\",\"url\":\"https:\\\/\\\/www.mikabatta.es\\\/it\\\/interni-sensoriali\\\/\",\"name\":\"Interni sensoriali a Tenerife\",\"isPartOf\":{\"@id\":\"https:\\\/\\\/www.mikabatta.es\\\/it\\\/#website\"},\"datePublished\":\"2023-10-24T10:59:39+00:00\",\"dateModified\":\"2023-12-11T11:58:12+00:00\",\"description\":\"Interni sensoriali a Tenerife. Sono Mika Batta e offro il servizio di Interni sensoriali a Tenerife. Preventivo senza impegno.\",\"breadcrumb\":{\"@id\":\"https:\\\/\\\/www.mikabatta.es\\\/it\\\/interni-sensoriali\\\/#breadcrumb\"},\"inLanguage\":\"it-IT\",\"potentialAction\":[{\"@type\":\"ReadAction\",\"target\":[\"https:\\\/\\\/www.mikabatta.es\\\/it\\\/interni-sensoriali\\\/\"]}]},{\"@type\":\"BreadcrumbList\",\"@id\":\"https:\\\/\\\/www.mikabatta.es\\\/it\\\/interni-sensoriali\\\/#breadcrumb\",\"itemListElement\":[{\"@type\":\"ListItem\",\"position\":1,\"name\":\"Portada\",\"item\":\"https:\\\/\\\/www.mikabatta.es\\\/it\\\/casa\\\/\"},{\"@type\":\"ListItem\",\"position\":2,\"name\":\"Interni sensoriali\"}]},{\"@type\":\"WebSite\",\"@id\":\"https:\\\/\\\/www.mikabatta.es\\\/it\\\/#website\",\"url\":\"https:\\\/\\\/www.mikabatta.es\\\/it\\\/\",\"name\":\"Interiorismo Sensorial\",\"description\":\"\",\"potentialAction\":[{\"@type\":\"SearchAction\",\"target\":{\"@type\":\"EntryPoint\",\"urlTemplate\":\"https:\\\/\\\/www.mikabatta.es\\\/it\\\/?s={search_term_string}\"},\"query-input\":{\"@type\":\"PropertyValueSpecification\",\"valueRequired\":true,\"valueName\":\"search_term_string\"}}],\"inLanguage\":\"it-IT\"}]}<\/script>\n<!-- \/ Yoast SEO plugin. -->","yoast_head_json":{"title":"Interni sensoriali a Tenerife","description":"Interni sensoriali a Tenerife. Sono Mika Batta e offro il servizio di Interni sensoriali a Tenerife. Preventivo senza impegno.","robots":{"index":"index","follow":"follow","max-snippet":"max-snippet:-1","max-image-preview":"max-image-preview:large","max-video-preview":"max-video-preview:-1"},"canonical":"https:\/\/www.mikabatta.es\/it\/interni-sensoriali\/","og_locale":"it_IT","og_type":"article","og_title":"Interni sensoriali a Tenerife","og_description":"Interni sensoriali a Tenerife. Sono Mika Batta e offro il servizio di Interni sensoriali a Tenerife. Preventivo senza impegno.","og_url":"https:\/\/www.mikabatta.es\/it\/interni-sensoriali\/","og_site_name":"Interiorismo Sensorial","article_modified_time":"2023-12-11T11:58:12+00:00","twitter_card":"summary_large_image","twitter_misc":{"Tempo di lettura stimato":"6 minuti"},"schema":{"@context":"https:\/\/schema.org","@graph":[{"@type":"WebPage","@id":"https:\/\/www.mikabatta.es\/it\/interni-sensoriali\/","url":"https:\/\/www.mikabatta.es\/it\/interni-sensoriali\/","name":"Interni sensoriali a Tenerife","isPartOf":{"@id":"https:\/\/www.mikabatta.es\/it\/#website"},"datePublished":"2023-10-24T10:59:39+00:00","dateModified":"2023-12-11T11:58:12+00:00","description":"Interni sensoriali a Tenerife. Sono Mika Batta e offro il servizio di Interni sensoriali a Tenerife. Preventivo senza impegno.","breadcrumb":{"@id":"https:\/\/www.mikabatta.es\/it\/interni-sensoriali\/#breadcrumb"},"inLanguage":"it-IT","potentialAction":[{"@type":"ReadAction","target":["https:\/\/www.mikabatta.es\/it\/interni-sensoriali\/"]}]},{"@type":"BreadcrumbList","@id":"https:\/\/www.mikabatta.es\/it\/interni-sensoriali\/#breadcrumb","itemListElement":[{"@type":"ListItem","position":1,"name":"Portada","item":"https:\/\/www.mikabatta.es\/it\/casa\/"},{"@type":"ListItem","position":2,"name":"Interni sensoriali"}]},{"@type":"WebSite","@id":"https:\/\/www.mikabatta.es\/it\/#website","url":"https:\/\/www.mikabatta.es\/it\/","name":"Interiorismo Sensorial","description":"","potentialAction":[{"@type":"SearchAction","target":{"@type":"EntryPoint","urlTemplate":"https:\/\/www.mikabatta.es\/it\/?s={search_term_string}"},"query-input":{"@type":"PropertyValueSpecification","valueRequired":true,"valueName":"search_term_string"}}],"inLanguage":"it-IT"}]}},"_links":{"self":[{"href":"https:\/\/www.mikabatta.es\/it\/wp-json\/wp\/v2\/pages\/929","targetHints":{"allow":["GET"]}}],"collection":[{"href":"https:\/\/www.mikabatta.es\/it\/wp-json\/wp\/v2\/pages"}],"about":[{"href":"https:\/\/www.mikabatta.es\/it\/wp-json\/wp\/v2\/types\/page"}],"author":[{"embeddable":true,"href":"https:\/\/www.mikabatta.es\/it\/wp-json\/wp\/v2\/users\/1"}],"replies":[{"embeddable":true,"href":"https:\/\/www.mikabatta.es\/it\/wp-json\/wp\/v2\/comments?post=929"}],"version-history":[{"count":5,"href":"https:\/\/www.mikabatta.es\/it\/wp-json\/wp\/v2\/pages\/929\/revisions"}],"predecessor-version":[{"id":1107,"href":"https:\/\/www.mikabatta.es\/it\/wp-json\/wp\/v2\/pages\/929\/revisions\/1107"}],"wp:attachment":[{"href":"https:\/\/www.mikabatta.es\/it\/wp-json\/wp\/v2\/media?parent=929"}],"curies":[{"name":"wp","href":"https:\/\/api.w.org\/{rel}","templated":true}]}}